{"id":4389,"date":"2022-10-13T12:33:16","date_gmt":"2022-10-13T12:33:16","guid":{"rendered":"https:\/\/grecofabrics.com\/showroom\/"},"modified":"2025-02-19T10:26:11","modified_gmt":"2025-02-19T10:26:11","slug":"showroom","status":"publish","type":"page","link":"https:\/\/grecofabrics.com\/es\/showroom\/","title":{"rendered":"Showroom"},"content":{"rendered":"<div>\n<p>    <img decoding=\"async\" src=\"\/wp-content\/uploads\/2025\/02\/grecofabrics_showroom_cabecera-transformed-2.jpeg\" alt=\"grecofabrics_showroom_cabecera-transformed\"><\/p>\n<h2>Showroom de Greco Madrid<\/h2>\n<\/div>\n<div>\n<p>    <img decoding=\"async\" src=\"\/wp-content\/uploads\/2025\/02\/grecofabrics_showroom_cabecera-transformed-2-mobile.jpeg\" alt=\"grecofabrics_showroom_cabecera-transformed-2-mobile\"><\/p>\n<h2>Showroom de Greco Madrid<\/h2>\n<p>Michael S Smith<\/p>\n<\/div>\n<div>\n<p>El sue\u00f1o de Michael era abrir su propio showroom en Europa y tuvo claro que ten\u00eda que ser en Madrid. Ello le permitir\u00eda no solo cumplir su sue\u00f1o, sino tambi\u00e9n mantener los lazos con Espa\u00f1a. A finales del 2018 abri\u00f3 un \u201ccorner\u201d en uno de los m\u00e1s emblem\u00e1ticos anticuarios de Madrid, Cotanda. La fascinaci\u00f3n de Michael por las antig\u00fcedades y por las telas de gran calidad eran la mezcla perfecta para empezar esta nueva aventura.<\/p>\n<p>El \u00e9xito de este \u201ccorner\u201d nos llev\u00f3 a buscar un espacio propio, y el pasado verano Michael S. Smith inaugur\u00f3 su propio showroom \u2013 Greco \u2013 en Lagasca 107.<\/p>\n<\/div>\n<div>NUESTRO EQUIPO<\/div>\n<div>\n<p>        <img decoding=\"async\" src=\"\/wp-content\/uploads\/2024\/06\/equipo-greco-fabrics-1160-960-100kb.jpg\" alt=\"equipo-greco-fabrics\"><\/p>\n<p>ESTAMOS AQU\u00cd PARA AYUDARLE<\/p>\n<div>\n<p>Todos nos sentimos orgullosos y honrados de trabajar con Michael S. Smith.<\/p>\n<p>Es un gran trabajador y una fuente de inspiraci\u00f3n continua. Su amor por la belleza, su obsesi\u00f3n por la proporci\u00f3n, su empe\u00f1o en buscar nuevos artesanos y su incre\u00edble personalidad nos hacen estar agradecidos por formar parte de su equipo.<\/p>\n<\/div>\n<\/div>\n<ul>\n<li>\n<p>        <img decoding=\"async\" src=\"\/wp-content\/uploads\/2024\/05\/greco-fabrics-colecciones-1.jpg\" alt=\"\"><\/p>\n<h3>1160x960px_L1000033-min<\/h3>\n<\/li>\n<li>\n<p>        <img decoding=\"async\" src=\"\/wp-content\/uploads\/2024\/05\/greco-fabrics-colecciones-ASergeant.jpg\" alt=\"\"><\/p>\n<h3>1160x960px_ASergeantjpg-min<\/h3>\n<\/li>\n<li>\n<p>        <img decoding=\"async\" src=\"\/wp-content\/uploads\/2022\/10\/greco-fabrics-jamb-2.jpg\" alt=\"\"><\/p>\n<h3>1160x960px_200601-Jamb-015-Print<\/h3>\n<\/li>\n<li>\n<p>        <img decoding=\"async\" src=\"\/wp-content\/uploads\/2024\/05\/greco-fabrics-colecciones-papeles-DGOURNAY.jpg\" alt=\"\"><\/p>\n<h3>1160x960px_Braganza-6-min<\/h3>\n<\/li>\n<li>\n<p>        <img decoding=\"async\" src=\"\/wp-content\/uploads\/2024\/05\/greco-fabrics-colecciones-NFabre.jpg\" alt=\"\"><\/p>\n<h3>1160x960px_NFabre-min<\/h3>\n<\/li>\n<li>\n<p>        <img decoding=\"async\" src=\"\/wp-content\/uploads\/2024\/05\/greco-fabrics-colecciones-papeles-Shagreen-Graphite-ED.jpg\" alt=\"\"><\/p>\n<h3>1160x960px_SI-Shagreen-Graphite-ED-min<\/h3>\n<\/li>\n<li>\n<p>        <img decoding=\"async\" src=\"\/wp-content\/uploads\/2024\/05\/1160x960px_L1009374.jpg-AMOLINA.jpg\" alt=\"\"><\/p>\n<h3>1160x960px_L1009374.jpg-AMOLINA-min<\/h3>\n<\/li>\n<li>\n<p>        <img decoding=\"async\" src=\"\/wp-content\/uploads\/2024\/05\/greco-fabrics-colecciones-papeles-2.jpg\" alt=\"\"><\/p>\n<h3>1160x960px_IMG_1551-min<\/h3>\n<\/li>\n<li>\n<p>        <img decoding=\"async\" src=\"\/wp-content\/uploads\/2024\/05\/rizzoli-curated-houses-muebles-7-1160-x-960-pixeles.jpg\" alt=\"\"><\/p>\n<h3>rizzoli curated houses muebles 7 1160 x 960 p\u00edxeles<\/h3>\n<\/li>\n<li>\n<p>        <img decoding=\"async\" src=\"\/wp-content\/uploads\/2022\/10\/greco-fabrics-collier-webb-6.jpg\" alt=\"\"><\/p>\n<h3>oval-convex-mirror-at-de-gournay-shanghai (1)<\/h3>\n<\/li>\n<\/ul>\n<div>Colecciones<\/div>\n<div>\n<p>Greco Fine Furniture &amp; Fabrics tiene una mirada hacia el pasado visto a trav\u00e9s de un ojo moderno. Muebles, telas y accesorios fabricados por los mejores artesanos del mundo. Inspirados en el archivo personal de dise\u00f1os hist\u00f3ricos de Michael que refleja su visi\u00f3n de que todo el mundo deber\u00eda vivir con cosas bellas.<\/p>\n<p>Les invitamos a visitar este espacio \u00fanico en Madrid. Adem\u00e1s de las colecciones de Michael, Jasper &amp; Templeton, encontrar\u00e1n las colecciones de Carolina Irving, Namay Samay, Elizabeth Dow, Paris L\u2019Apr\u00e8s-Midi, Shuyler Samperton, Alice Sergeant, De Gournay, Rose Tarlow, Nicole Fabre, Mirror Image, Collier Webb, Jamb, Gordiola, Casa L\u00f3pez and Sena Cifuentes, entre otros.<\/p>\n<\/div>\n<ul>\n<li>\n<p>        <img decoding=\"async\" src=\"\/wp-content\/uploads\/2024\/05\/greco-fabrics-colecciones-1.jpg\" alt=\"\"><\/p>\n<h3>1160x960px_L1000033-min<\/h3>\n<\/li>\n<li>\n<p>        <img decoding=\"async\" src=\"\/wp-content\/uploads\/2024\/05\/greco-fabrics-colecciones-ASergeant.jpg\" alt=\"\"><\/p>\n<h3>1160x960px_ASergeantjpg-min<\/h3>\n<\/li>\n<li>\n<p>        <img decoding=\"async\" src=\"\/wp-content\/uploads\/2022\/10\/greco-fabrics-jamb-2.jpg\" alt=\"\"><\/p>\n<h3>1160x960px_200601-Jamb-015-Print<\/h3>\n<\/li>\n<li>\n<p>        <img decoding=\"async\" src=\"\/wp-content\/uploads\/2024\/05\/greco-fabrics-colecciones-papeles-DGOURNAY.jpg\" alt=\"\"><\/p>\n<h3>1160x960px_Braganza-6-min<\/h3>\n<\/li>\n<li>\n<p>        <img decoding=\"async\" src=\"\/wp-content\/uploads\/2024\/05\/greco-fabrics-colecciones-NFabre.jpg\" alt=\"\"><\/p>\n<h3>1160x960px_NFabre-min<\/h3>\n<\/li>\n<li>\n<p>        <img decoding=\"async\" src=\"\/wp-content\/uploads\/2024\/05\/greco-fabrics-colecciones-papeles-Shagreen-Graphite-ED.jpg\" alt=\"\"><\/p>\n<h3>1160x960px_SI-Shagreen-Graphite-ED-min<\/h3>\n<\/li>\n<li>\n<p>        <img decoding=\"async\" src=\"\/wp-content\/uploads\/2024\/05\/1160x960px_L1009374.jpg-AMOLINA.jpg\" alt=\"\"><\/p>\n<h3>1160x960px_L1009374.jpg-AMOLINA-min<\/h3>\n<\/li>\n<li>\n<p>        <img decoding=\"async\" src=\"\/wp-content\/uploads\/2024\/05\/greco-fabrics-colecciones-papeles-2.jpg\" alt=\"\"><\/p>\n<h3>1160x960px_IMG_1551-min<\/h3>\n<\/li>\n<li>\n<p>        <img decoding=\"async\" src=\"\/wp-content\/uploads\/2024\/05\/rizzoli-curated-houses-muebles-7-1160-x-960-pixeles.jpg\" alt=\"\"><\/p>\n<h3>rizzoli curated houses muebles 7 1160 x 960 p\u00edxeles<\/h3>\n<\/li>\n<li>\n<p>        <img decoding=\"async\" src=\"\/wp-content\/uploads\/2022\/10\/greco-fabrics-collier-webb-6.jpg\" alt=\"\"><\/p>\n<h3>oval-convex-mirror-at-de-gournay-shanghai (1)<\/h3>\n<\/li>\n<\/ul>\n<div>Colecciones<\/div>\n<div>\n<p>Greco Fine Furniture &amp; Fabrics tiene una mirada hacia el pasado visto a trav\u00e9s de un ojo moderno. Muebles, telas y accesorios fabricados por los mejores artesanos del mundo. Inspirados en el archivo personal de dise\u00f1os hist\u00f3ricos de Michael que reflejan su visi\u00f3n de que todo el mundo deber\u00eda vivir con cosas bellas.<\/p>\n<p>Les invitamos a visitar este espacio \u00fanico en Madrid. Adem\u00e1s de las colecciones de Michael, Jasper &amp; Templeton, encontrar\u00e1n las colecciones de Carolina Irving, Namay Samay, Elizabeth Dow, Paris L\u2019Apr\u00e8s-Midi, Shuyler Samperton, Alice Sergeant, De Gournay, Rose Tarlow, Nicole Fabre, Mirror Image, Collier Webb, Jamb, Gordiola, Casa L\u00f3pez and Sena Cifuentes, entre otros.<\/p>\n<\/div>\n<h3>Descubra nuestras colecciones<\/h3>\n<ul>\n<li>\n<p><img decoding=\"async\" src=\"\/wp-content\/uploads\/2024\/05\/greco-fabrics-colecciones-NSamay.jpg\" alt=\"\"><\/p>\n<h4>Telas<\/p>\n<\/h4>\n<p><a href=\"\/es\/colecciones\/#FABRICS\"><\/a><\/p>\n<\/li>\n<li>\n<p><img decoding=\"async\" src=\"\/wp-content\/uploads\/2024\/05\/greco-fabrics-colecciones-papeles-3.jpg\" alt=\"\"><\/p>\n<h4>Papel pintado<\/h4>\n<p><a href=\"\/es\/colecciones\/#WALLCOVERING\"><\/a><\/p>\n<\/li>\n<li>\n<p><img decoding=\"async\" src=\"\/wp-content\/uploads\/2024\/05\/rizzoli-curated-houses-muebles-1160-x-960-pixeles.jpg\" alt=\"\"><\/p>\n<h4>Muebles<\/p>\n<\/h4>\n<p><a href=\"\/es\/colecciones\/#FURNITURES\"><\/a><\/p>\n<\/li>\n<li>\n<p><img decoding=\"async\" src=\"\/wp-content\/uploads\/2022\/10\/L1009753-1.jpg-SHOWROOM-espejo-1.jpg\" alt=\"\"><\/p>\n<h4>Accesorios<\/p>\n<\/h4>\n<p><a href=\"\/es\/colecciones\/#ACCESSORIES\"><\/a><\/p>\n<\/li>\n<\/ul>\n<ul>\n<li>\n<p><img decoding=\"async\" src=\"\/wp-content\/uploads\/2024\/05\/greco-fabrics-colecciones-NSamay.jpg\" alt=\"\"><\/p>\n<h4>Telas<br\/ class=\"uk-visible@m\"><\/h4>\n<p><a href=\"\/es\/colecciones\/#FABRICS\"><\/a><\/p>\n<\/li>\n<li>\n<p><img decoding=\"async\" src=\"\/wp-content\/uploads\/2024\/05\/greco-fabrics-colecciones-papeles-3.jpg\" alt=\"\"><\/p>\n<h4>Papel<\/h4>\n<p><a href=\"\/es\/colecciones\/#WALLCOVERING\"><\/a><\/p>\n<\/li>\n<li>\n<p><img decoding=\"async\" src=\"\/wp-content\/uploads\/2024\/05\/rizzoli-curated-houses-muebles-7-1160-x-960-pixeles.jpg\" alt=\"\"><\/p>\n<h4>Muebles<\/p>\n<\/h4>\n<p><a href=\"\/es\/colecciones\/#FURNITURES\"><\/a><\/p>\n<\/li>\n<li>\n<p><img decoding=\"async\" src=\"\/wp-content\/uploads\/2022\/10\/L1009753-1.jpg-SHOWROOM-espejo-1.jpg\" alt=\"\"><\/p>\n<h4>Accesorios<\/p>\n<\/h4>\n<p><a href=\"\/es\/colecciones\/#ACCESSORIES\"><\/a><\/p>\n<\/li>\n<\/ul>\n<div>DISE\u00d1ADORES GRECO SHOWROOM<\/div>\n<div>\n<p>\u00abTodo el mundo deber\u00eda vivir con las cosas que le gustan: muebles, telas y accesorios fabricados por los mejores artesanos del mundo\u00bb.<\/p>\n<\/div>\n<div>\n<p><a href=\"\/vendors\/\"><\/a><\/p>\n<\/div>\n<p>\n    <a href=\"\/es\/disenadores\/\">VER M\u00c1S<\/a>\n<\/p>\n<p>\n    <a href=\"\/es\/disenadores\/\">VER M\u00c1S<\/a>\n<\/p>\n<p><!--more--><br \/>\n<!-- {\"type\":\"layout\",\"children\":[{\"name\":\"Slide home\",\"type\":\"section\",\"props\":{\"css\":\"\\\/* \\n  ##Device = Most of the Smartphones Mobiles (Portrait)\\n  ##Screen = B\\\/w 320px to 479px\\n*\\\/\\n\\n@media (min-width: 320px) and (max-width: 480px) {\\n .uk-heading-medium {\\n    font-size: 16px;\\n} \\n  \\n}\",\"header_transparent\":true,\"header_transparent_noplaceholder\":true,\"header_transparent_text_color\":\"light\",\"image_position\":\"center-center\",\"padding\":\"none\",\"padding_remove_top\":false,\"style\":\"default\",\"title_breakpoint\":\"xl\",\"title_position\":\"top-left\",\"title_rotation\":\"left\",\"vertical_align\":\"\",\"width\":\"\"},\"children\":[{\"type\":\"row\",\"children\":[{\"type\":\"column\",\"props\":{\"image_position\":\"center-center\",\"position_sticky_breakpoint\":\"m\",\"width_medium\":\"1-1\"},\"children\":[{\"type\":\"slideshow\",\"props\":{\"css\":\"\\\/* \\n  ##Device = Most of the Smartphones Mobiles (Portrait)\\n  ##Screen = B\\\/w 320px to 479px\\n*\\\/\\n\\n@media (min-width: 320px) and (max-width: 480px) {\\n .uk-heading-large {\\n    font-size: 30px;\\n} \\n  \\n}\",\"image_loading\":true,\"link_size\":\"small\",\"link_style\":\"primary\",\"link_target\":true,\"link_text\":\"Read more\",\"margin\":\"default\",\"meta_align\":\"below-title\",\"meta_element\":\"div\",\"meta_margin\":\"medium\",\"meta_style\":\"h6\",\"nav\":\"\",\"nav_align\":\"center\",\"nav_below\":false,\"nav_breakpoint\":\"xl\",\"nav_position\":\"bottom-center\",\"nav_position_margin\":\"medium\",\"overlay_animation\":\"fade\",\"overlay_container\":\"default\",\"overlay_margin\":\"large\",\"overlay_position\":\"bottom-left\",\"overlay_style\":\"overlay-primary\",\"overlay_width\":\"medium\",\"show_content\":true,\"show_link\":true,\"show_meta\":true,\"show_thumbnail\":true,\"show_title\":true,\"slidenav\":\"\",\"slidenav_breakpoint\":\"m\",\"slidenav_large\":true,\"slidenav_margin\":\"\",\"slidenav_outside_breakpoint\":\"xl\",\"slideshow_autoplay\":true,\"slideshow_autoplay_interval\":\"5\",\"slideshow_autoplay_pause\":false,\"slideshow_kenburns\":\"alternate\",\"slideshow_kenburns_duration\":\"26\",\"slideshow_max_height\":\"950\",\"slideshow_min_height\":\"400\",\"slideshow_parallax\":true,\"slideshow_parallax_target\":\"!.tm-grid-expand\",\"slideshow_velocity\":\"0.6\",\"text_align\":\"center\",\"thumbnav_height\":\"75\",\"thumbnav_svg_color\":\"emphasis\",\"thumbnav_width\":\"100\",\"title_element\":\"h2\",\"title_margin\":\"xlarge\",\"title_style\":\"h3\",\"visibility\":\"m\"},\"children\":[{\"type\":\"slideshow_item\",\"props\":{\"content\":\"\",\"image\":\"wp-content\\\/uploads\\\/2025\\\/02\\\/grecofabrics_showroom_cabecera-transformed-2.jpeg\",\"image_alt\":\"grecofabrics_showroom_cabecera-transformed\",\"meta\":\"\",\"text_color\":\"light\",\"title\":\"Showroom de Greco Madrid\"}}]}]}]}]},{\"name\":\"Slide home\",\"type\":\"section\",\"props\":{\"css\":\"\\\/* \\n  ##Device = Most of the Smartphones Mobiles (Portrait)\\n  ##Screen = B\\\/w 320px to 479px\\n*\\\/\\n\\n@media (min-width: 320px) and (max-width: 480px) {\\n .uk-heading-medium {\\n    font-size: 16px;\\n} \\n  \\n}\",\"header_transparent\":true,\"header_transparent_noplaceholder\":true,\"header_transparent_text_color\":\"light\",\"image_position\":\"center-center\",\"padding\":\"none\",\"padding_remove_top\":false,\"style\":\"default\",\"title_breakpoint\":\"xl\",\"title_position\":\"top-left\",\"title_rotation\":\"left\",\"vertical_align\":\"\",\"width\":\"\"},\"children\":[{\"type\":\"row\",\"children\":[{\"type\":\"column\",\"props\":{\"image_position\":\"center-center\",\"position_sticky_breakpoint\":\"m\",\"width_medium\":\"1-1\"},\"children\":[{\"type\":\"slideshow\",\"props\":{\"css\":\"h5, .uk-h5 {\\n    font-size: 14px;!important\\n}\\n\\nh5, .el-title {\\n    font-size: 11px;!important\\n}\",\"image_height\":\"1440\",\"image_width\":\"2560\",\"link_margin\":\"large\",\"link_size\":\"large\",\"link_style\":\"default\",\"link_target\":false,\"link_text\":\"Read more\",\"margin\":\"default\",\"meta_align\":\"below-title\",\"meta_element\":\"div\",\"meta_margin\":\"small\",\"meta_style\":\"h5\",\"nav\":\"\",\"nav_align\":\"center\",\"nav_below\":false,\"nav_breakpoint\":\"xl\",\"nav_position\":\"bottom-center\",\"nav_position_margin\":\"medium\",\"overlay_animation\":\"parallax\",\"overlay_container\":\"default\",\"overlay_container_padding\":\"xsmall\",\"overlay_margin\":\"none\",\"overlay_padding\":\"large\",\"overlay_parallax_y\":\"30\",\"overlay_position\":\"bottom-left\",\"show_content\":true,\"show_link\":true,\"show_meta\":true,\"show_thumbnail\":true,\"show_title\":true,\"slidenav\":\"\",\"slidenav_breakpoint\":\"m\",\"slidenav_large\":true,\"slidenav_margin\":\"\",\"slidenav_outside_breakpoint\":\"xl\",\"slideshow_autoplay\":false,\"slideshow_autoplay_pause\":false,\"slideshow_max_height\":\"950\",\"slideshow_min_height\":\"200\",\"text_align\":\"left\",\"thumbnav_height\":\"75\",\"thumbnav_svg_color\":\"emphasis\",\"thumbnav_width\":\"100\",\"title_element\":\"h2\",\"title_margin\":\"remove\",\"title_style\":\"h5\",\"visibility\":\"hidden-m\"},\"children\":[{\"type\":\"slideshow_item\",\"props\":{\"content\":\"\",\"image\":\"wp-content\\\/uploads\\\/2025\\\/02\\\/grecofabrics_showroom_cabecera-transformed-2-mobile.jpeg\",\"image_alt\":\"grecofabrics_showroom_cabecera-transformed-2-mobile\",\"media_overlay\":\"rgba(91, 91, 91, 0.49)\",\"meta\":\"Michael S Smith\",\"text_color\":\"light\",\"title\":\"Showroom de Greco Madrid\"}}]}]}]}]},{\"type\":\"section\",\"props\":{\"image_position\":\"center-center\",\"padding\":\"xsmall\",\"style\":\"default\",\"title_breakpoint\":\"xl\",\"title_position\":\"top-left\",\"title_rotation\":\"left\",\"vertical_align\":\"\",\"width\":\"default\"},\"children\":[{\"type\":\"row\",\"children\":[{\"type\":\"column\",\"props\":{\"image_position\":\"center-center\",\"position_sticky_breakpoint\":\"m\"},\"children\":[{\"name\":\"TEXTTT\",\"type\":\"text\",\"props\":{\"block_align\":\"center\",\"column_breakpoint\":\"m\",\"content\":\"\n\n<p>El sue\\u00f1o de Michael era abrir su propio showroom en Europa y tuvo claro que ten\\u00eda que ser en Madrid. Ello le permitir\\u00eda no solo cumplir su sue\\u00f1o, sino tambi\\u00e9n mantener los lazos con Espa\\u00f1a. A finales del 2018 abri\\u00f3 un \\u201ccorner\\u201d en uno de los m\\u00e1s emblem\\u00e1ticos anticuarios de Madrid, Cotanda. La fascinaci\\u00f3n de Michael por las antig\\u00fcedades y por las telas de gran calidad eran la mezcla perfecta para empezar esta nueva aventura.<\\\/p>\\n\n\n<p>El \\u00e9xito de este \\u201ccorner\\u201d nos llev\\u00f3 a buscar un espacio propio, y el pasado verano Michael S. Smith inaugur\\u00f3 su propio showroom \\u2013 Greco \\u2013 en Lagasca 107.<\\\/p>\",\"css\":\"@media only screen and (max-width: 600px) {\\n    .el-element{   \\n\\t\\t font-size: 14px!important;    \\n    }\\n}\\n\",\"margin\":\"default\",\"text_align\":\"justify\"}}]}]}]},{\"type\":\"section\",\"props\":{\"id\":\"team\",\"image_effect\":\"parallax\",\"image_parallax_bgy\":\"10vh,-15vh\",\"image_parallax_breakpoint\":\"m\",\"image_parallax_easing\":\"1\",\"image_position\":\"center-center\",\"media_visibility\":\"s\",\"padding\":\"xsmall\",\"style\":\"default\",\"title_breakpoint\":\"xl\",\"title_position\":\"top-left\",\"title_rotation\":\"left\",\"vertical_align\":\"\",\"width\":\"default\"},\"children\":[{\"type\":\"row\",\"children\":[{\"type\":\"column\",\"props\":{\"image_position\":\"center-center\",\"position_sticky_breakpoint\":\"m\",\"width_medium\":\"1-1\"},\"children\":[{\"type\":\"headline\",\"props\":{\"content\":\"NUESTRO EQUIPO\",\"margin\":\"small\",\"text_align\":\"center\",\"title_decoration\":\"line\",\"title_element\":\"div\",\"title_font_family\":\"tertiary\",\"title_style\":\"h2\"}}]}]},{\"type\":\"row\",\"children\":[{\"type\":\"column\",\"props\":{\"image_position\":\"center-center\",\"position_sticky_breakpoint\":\"m\",\"width_medium\":\"1-1\"},\"children\":[{\"name\":\"Panel Image Left\",\"type\":\"panel\",\"props\":{\"block_align\":\"center\",\"content\":\"\n\n<p>Todos nos sentimos orgullosos y honrados de trabajar con Michael S. Smith.<\\\/p>\\n\n\n<p>Es un gran trabajador y una fuente de inspiraci\\u00f3n continua. Su amor por la belleza, su obsesi\\u00f3n por la proporci\\u00f3n, su empe\\u00f1o en buscar nuevos artesanos y su incre\\u00edble personalidad nos hacen estar agradecidos por formar parte de su equipo.<\\\/p>\",\"content_column_breakpoint\":\"m\",\"content_margin\":\"small\",\"css\":\"@media only screen and (max-width: 600px) {\\n    .el-content{   \\n\\t\\t font-size: 14px!important;    \\n    }\\n}\\n\",\"icon_width\":80,\"image\":\"wp-content\\\/uploads\\\/2024\\\/06\\\/equipo-greco-fabrics-1160-960-100kb.jpg\",\"image_align\":\"right\",\"image_alt\":\"equipo-greco-fabrics\",\"image_grid_breakpoint\":\"s\",\"image_grid_width\":\"1-2\",\"image_height\":\"960\",\"image_svg_color\":\"emphasis\",\"image_vertical_align\":true,\"image_width\":\"1160\",\"link_margin\":\"medium\",\"link_style\":\"primary\",\"link_text\":\"Read more\",\"margin\":\"default\",\"meta\":\"ESTAMOS AQU\\u00cd PARA AYUDARLE\",\"meta_align\":\"above-title\",\"meta_element\":\"div\",\"meta_margin\":\"small\",\"meta_style\":\"text-meta\",\"panel_image_no_padding\":true,\"text_align\":\"justify\",\"title\":\"\",\"title_align\":\"top\",\"title_element\":\"h3\",\"title_grid_breakpoint\":\"m\",\"title_grid_width\":\"1-2\",\"title_hover_style\":\"reset\",\"title_margin\":\"small\"}}]}]}],\"name\":\"Team\"},{\"type\":\"section\",\"props\":{\"id\":\"accommodations\",\"image_position\":\"center-center\",\"padding\":\"xsmall\",\"padding_remove_bottom\":false,\"style\":\"default\",\"title\":\"Everyone is Welcome\",\"title_breakpoint\":\"xl\",\"title_position\":\"center-right\",\"title_rotation\":\"left\",\"vertical_align\":\"\",\"width\":\"default\"},\"children\":[{\"type\":\"row\",\"props\":{\"layout\":\"1-2,1-2\"},\"children\":[{\"type\":\"column\",\"props\":{\"image_position\":\"center-center\",\"position_sticky_breakpoint\":\"m\",\"width_medium\":\"1-2\"},\"children\":[{\"type\":\"slideshow\",\"props\":{\"animation\":\"none\",\"block_align\":\"center\",\"block_align_breakpoint\":\"m\",\"container_padding_remove\":true,\"image_width\":\"1040\",\"link_style\":\"default\",\"link_text\":\"Read more\",\"margin\":\"default\",\"meta_align\":\"below-title\",\"meta_element\":\"div\",\"meta_style\":\"text-meta\",\"nav\":\"thumbnav\",\"nav_align\":\"center\",\"nav_below\":true,\"nav_breakpoint\":\"\",\"nav_position\":\"bottom-right\",\"nav_position_margin\":\"medium\",\"overlay_animation\":\"parallax\",\"overlay_position\":\"center-left\",\"parallax_breakpoint\":\"m\",\"parallax_easing\":\"1\",\"parallax_y\":\"5vh,-10vh\",\"show_content\":true,\"show_link\":true,\"show_meta\":true,\"show_thumbnail\":true,\"show_title\":false,\"slidenav\":\"\",\"slidenav_breakpoint\":\"s\",\"slidenav_margin\":\"medium\",\"slidenav_outside_breakpoint\":\"xl\",\"slideshow_autoplay\":true,\"slideshow_autoplay_pause\":true,\"slideshow_box_decoration_inverse\":true,\"slideshow_max_height\":\"480\",\"slideshow_min_height\":\"300\",\"slideshow_ratio\":\"1:1\",\"text_align_breakpoint\":\"l\",\"text_align_fallback\":\"center\",\"thumbnav_height\":\"102\",\"thumbnav_nowrap\":false,\"thumbnav_svg_color\":\"emphasis\",\"thumbnav_width\":\"102\",\"title_element\":\"h3\",\"visibility\":\"s\"},\"children\":[{\"type\":\"slideshow_item\",\"props\":{\"image\":\"wp-content\\\/uploads\\\/2024\\\/05\\\/greco-fabrics-colecciones-1.jpg\",\"title\":\"1160x960px_L1000033-min\"}},{\"type\":\"slideshow_item\",\"props\":{\"image\":\"wp-content\\\/uploads\\\/2024\\\/05\\\/greco-fabrics-colecciones-ASergeant.jpg\",\"title\":\"1160x960px_ASergeantjpg-min\"}},{\"type\":\"slideshow_item\",\"props\":{\"image\":\"wp-content\\\/uploads\\\/2022\\\/10\\\/greco-fabrics-jamb-2.jpg\",\"title\":\"1160x960px_200601-Jamb-015-Print\"}},{\"type\":\"slideshow_item\",\"props\":{\"image\":\"wp-content\\\/uploads\\\/2024\\\/05\\\/greco-fabrics-colecciones-papeles-DGOURNAY.jpg\",\"title\":\"1160x960px_Braganza-6-min\"}},{\"type\":\"slideshow_item\",\"props\":{\"image\":\"wp-content\\\/uploads\\\/2024\\\/05\\\/greco-fabrics-colecciones-NFabre.jpg\",\"title\":\"1160x960px_NFabre-min\"}},{\"type\":\"slideshow_item\",\"props\":{\"image\":\"wp-content\\\/uploads\\\/2024\\\/05\\\/greco-fabrics-colecciones-papeles-Shagreen-Graphite-ED.jpg\",\"title\":\"1160x960px_SI-Shagreen-Graphite-ED-min\"}},{\"type\":\"slideshow_item\",\"props\":{\"image\":\"wp-content\\\/uploads\\\/2024\\\/05\\\/1160x960px_L1009374.jpg-AMOLINA.jpg\",\"title\":\"1160x960px_L1009374.jpg-AMOLINA-min\"}},{\"type\":\"slideshow_item\",\"props\":{\"image\":\"wp-content\\\/uploads\\\/2024\\\/05\\\/greco-fabrics-colecciones-papeles-2.jpg\",\"title\":\"1160x960px_IMG_1551-min\"}},{\"type\":\"slideshow_item\",\"props\":{\"image\":\"wp-content\\\/uploads\\\/2024\\\/05\\\/rizzoli-curated-houses-muebles-7-1160-x-960-pixeles.jpg\",\"title\":\"rizzoli curated houses muebles 7 1160 x 960 p\\u00edxeles\"}},{\"type\":\"slideshow_item\",\"props\":{\"image\":\"wp-content\\\/uploads\\\/2022\\\/10\\\/greco-fabrics-collier-webb-6.jpg\",\"title\":\"oval-convex-mirror-at-de-gournay-shanghai (1)\"}}],\"name\":\"collections BOX\"},{\"type\":\"headline\",\"props\":{\"block_align\":\"center\",\"content\":\"Colecciones\",\"margin\":\"small\",\"margin_remove_top\":true,\"maxwidth\":\"xlarge\",\"text_align\":\"left\",\"text_align_breakpoint\":\"m\",\"text_align_fallback\":\"center\",\"title_element\":\"div\",\"title_font_family\":\"tertiary\",\"title_style\":\"h1\",\"visibility\":\"hidden-s\"}},{\"type\":\"text\",\"props\":{\"block_align\":\"center\",\"column_breakpoint\":\"m\",\"content\":\"\n\n<p>Greco Fine Furniture &amp; Fabrics tiene una mirada hacia el pasado visto a trav\\u00e9s de un ojo moderno. Muebles, telas y accesorios fabricados por los mejores artesanos del mundo. Inspirados en el archivo personal de dise\\u00f1os hist\\u00f3ricos de Michael que refleja su visi\\u00f3n de que todo el mundo deber\\u00eda vivir con cosas bellas.<\\\/p>\\n\n\n<p>Les invitamos a visitar este espacio \\u00fanico en Madrid. Adem\\u00e1s de las colecciones de Michael, Jasper &amp; Templeton, encontrar\\u00e1n las colecciones de Carolina Irving, Namay Samay, Elizabeth Dow, Paris L\\u2019Apr\\u00e8s-Midi, Shuyler Samperton, Alice Sergeant, De Gournay, Rose Tarlow, Nicole Fabre, Mirror Image, Collier Webb, Jamb, Gordiola, Casa L\\u00f3pez and Sena Cifuentes, entre otros.<\\\/p>\",\"margin\":\"default\",\"maxwidth\":\"xlarge\",\"text_align\":\"justify\",\"text_align_breakpoint\":\"m\",\"text_align_fallback\":\"center\",\"text_style\":\"small\",\"visibility\":\"hidden-s\"}},{\"type\":\"slideshow\",\"props\":{\"animation\":\"none\",\"block_align\":\"center\",\"block_align_breakpoint\":\"m\",\"container_padding_remove\":true,\"image_width\":\"1040\",\"link_style\":\"default\",\"link_text\":\"Read more\",\"margin\":\"default\",\"meta_align\":\"below-title\",\"meta_element\":\"div\",\"meta_style\":\"text-meta\",\"nav\":\"thumbnav\",\"nav_align\":\"center\",\"nav_below\":true,\"nav_breakpoint\":\"\",\"nav_position\":\"bottom-right\",\"nav_position_margin\":\"medium\",\"overlay_animation\":\"parallax\",\"overlay_position\":\"center-left\",\"parallax_breakpoint\":\"m\",\"parallax_easing\":\"1\",\"parallax_y\":\"5vh,-10vh\",\"show_content\":true,\"show_link\":true,\"show_meta\":true,\"show_thumbnail\":true,\"show_title\":false,\"slidenav\":\"\",\"slidenav_breakpoint\":\"s\",\"slidenav_margin\":\"medium\",\"slidenav_outside_breakpoint\":\"xl\",\"slideshow_autoplay\":true,\"slideshow_autoplay_pause\":true,\"slideshow_box_decoration_inverse\":true,\"slideshow_max_height\":\"480\",\"slideshow_min_height\":\"300\",\"slideshow_ratio\":\"1:1\",\"text_align_breakpoint\":\"l\",\"text_align_fallback\":\"center\",\"thumbnav_height\":\"60\",\"thumbnav_nowrap\":false,\"thumbnav_svg_color\":\"emphasis\",\"thumbnav_width\":\"60\",\"title_element\":\"h3\",\"visibility\":\"hidden-s\"},\"children\":[{\"type\":\"slideshow_item\",\"props\":{\"image\":\"wp-content\\\/uploads\\\/2024\\\/05\\\/greco-fabrics-colecciones-1.jpg\",\"title\":\"1160x960px_L1000033-min\"}},{\"type\":\"slideshow_item\",\"props\":{\"image\":\"wp-content\\\/uploads\\\/2024\\\/05\\\/greco-fabrics-colecciones-ASergeant.jpg\",\"title\":\"1160x960px_ASergeantjpg-min\"}},{\"type\":\"slideshow_item\",\"props\":{\"image\":\"wp-content\\\/uploads\\\/2022\\\/10\\\/greco-fabrics-jamb-2.jpg\",\"title\":\"1160x960px_200601-Jamb-015-Print\"}},{\"type\":\"slideshow_item\",\"props\":{\"image\":\"wp-content\\\/uploads\\\/2024\\\/05\\\/greco-fabrics-colecciones-papeles-DGOURNAY.jpg\",\"title\":\"1160x960px_Braganza-6-min\"}},{\"type\":\"slideshow_item\",\"props\":{\"image\":\"wp-content\\\/uploads\\\/2024\\\/05\\\/greco-fabrics-colecciones-NFabre.jpg\",\"title\":\"1160x960px_NFabre-min\"}},{\"type\":\"slideshow_item\",\"props\":{\"image\":\"wp-content\\\/uploads\\\/2024\\\/05\\\/greco-fabrics-colecciones-papeles-Shagreen-Graphite-ED.jpg\",\"title\":\"1160x960px_SI-Shagreen-Graphite-ED-min\"}},{\"type\":\"slideshow_item\",\"props\":{\"image\":\"wp-content\\\/uploads\\\/2024\\\/05\\\/1160x960px_L1009374.jpg-AMOLINA.jpg\",\"title\":\"1160x960px_L1009374.jpg-AMOLINA-min\"}},{\"type\":\"slideshow_item\",\"props\":{\"image\":\"wp-content\\\/uploads\\\/2024\\\/05\\\/greco-fabrics-colecciones-papeles-2.jpg\",\"title\":\"1160x960px_IMG_1551-min\"}},{\"type\":\"slideshow_item\",\"props\":{\"image\":\"wp-content\\\/uploads\\\/2024\\\/05\\\/rizzoli-curated-houses-muebles-7-1160-x-960-pixeles.jpg\",\"title\":\"rizzoli curated houses muebles 7 1160 x 960 p\\u00edxeles\"}},{\"type\":\"slideshow_item\",\"props\":{\"image\":\"wp-content\\\/uploads\\\/2022\\\/10\\\/greco-fabrics-collier-webb-6.jpg\",\"title\":\"oval-convex-mirror-at-de-gournay-shanghai (1)\"}}],\"name\":\"collections BOX\"}]},{\"type\":\"column\",\"props\":{\"image_position\":\"center-center\",\"padding\":\"small\",\"position_sticky_breakpoint\":\"m\",\"width_medium\":\"1-2\"},\"children\":[{\"type\":\"headline\",\"props\":{\"block_align\":\"center\",\"content\":\"Colecciones\",\"margin\":\"small\",\"maxwidth\":\"xlarge\",\"text_align\":\"left\",\"text_align_breakpoint\":\"m\",\"text_align_fallback\":\"center\",\"title_element\":\"div\",\"title_font_family\":\"tertiary\",\"title_style\":\"h3\",\"visibility\":\"s\"}},{\"type\":\"text\",\"props\":{\"block_align\":\"center\",\"column_breakpoint\":\"m\",\"content\":\"\n\n<p>Greco Fine Furniture &amp; Fabrics tiene una mirada hacia el pasado visto a trav\\u00e9s de un ojo moderno. Muebles, telas y accesorios fabricados por los mejores artesanos del mundo. Inspirados en el archivo personal de dise\\u00f1os hist\\u00f3ricos de Michael que reflejan su visi\\u00f3n de que todo el mundo deber\\u00eda vivir con cosas bellas.<\\\/p>\\n\n\n<p>Les invitamos a visitar este espacio \\u00fanico en Madrid. Adem\\u00e1s de las colecciones de Michael, Jasper &amp; Templeton, encontrar\\u00e1n las colecciones de Carolina Irving, Namay Samay, Elizabeth Dow, Paris L\\u2019Apr\\u00e8s-Midi, Shuyler Samperton, Alice Sergeant, De Gournay, Rose Tarlow, Nicole Fabre, Mirror Image, Collier Webb, Jamb, Gordiola, Casa L\\u00f3pez and Sena Cifuentes, entre otros.<\\\/p>\",\"margin\":\"default\",\"maxwidth\":\"xlarge\",\"text_align\":\"justify\",\"text_align_breakpoint\":\"m\",\"text_align_fallback\":\"center\",\"visibility\":\"s\"}},{\"type\":\"headline\",\"props\":{\"block_align\":\"center\",\"content\":\"Descubra nuestras colecciones\",\"margin\":\"large\",\"margin_remove_bottom\":true,\"maxwidth\":\"xlarge\",\"text_align\":\"left\",\"text_align_breakpoint\":\"m\",\"text_align_fallback\":\"center\",\"title_color\":\"muted\",\"title_element\":\"h3\",\"title_style\":\"h6\"}},{\"type\":\"grid\",\"props\":{\"block_align\":\"center\",\"class\":\"uk-visible@s\",\"content_column_breakpoint\":\"m\",\"filter_align\":\"left\",\"filter_all\":true,\"filter_grid_breakpoint\":\"m\",\"filter_grid_width\":\"auto\",\"filter_position\":\"top\",\"filter_style\":\"tab\",\"grid_column_align\":true,\"grid_column_gap\":\"medium\",\"grid_default\":\"2\",\"grid_large\":\"4\",\"grid_medium\":\"2\",\"grid_row_align\":true,\"grid_row_gap\":\"medium\",\"grid_small\":\"4\",\"icon_width\":80,\"image_align\":\"top\",\"image_grid_breakpoint\":\"m\",\"image_grid_width\":\"1-2\",\"image_height\":\"200\",\"image_loading\":true,\"image_svg_animate\":false,\"image_svg_color\":\"primary\",\"image_svg_inline\":true,\"image_width\":\"200\",\"item_animation\":true,\"link_style\":\"default\",\"link_text\":\"\",\"margin\":\"medium\",\"maxwidth\":\"xlarge\",\"meta_align\":\"below-title\",\"meta_element\":\"div\",\"meta_style\":\"text-meta\",\"panel_image_no_padding\":true,\"panel_link\":true,\"parallax_easing\":\"1\",\"show_content\":true,\"show_image\":true,\"show_link\":true,\"show_meta\":true,\"show_title\":true,\"text_align\":\"center\",\"title_align\":\"top\",\"title_element\":\"h4\",\"title_grid_breakpoint\":\"m\",\"title_grid_width\":\"1-2\",\"title_hover_style\":\"reset\",\"title_margin\":\"small\",\"title_style\":\"h6\"},\"children\":[{\"type\":\"grid_item\",\"props\":{\"image\":\"wp-content\\\/uploads\\\/2024\\\/05\\\/greco-fabrics-colecciones-NSamay.jpg\",\"link\":\"es\\\/colecciones\\\/#FABRICS\",\"title\":\"Telas<br\\\/><br\\\/>\"}},{\"type\":\"grid_item\",\"props\":{\"image\":\"wp-content\\\/uploads\\\/2024\\\/05\\\/greco-fabrics-colecciones-papeles-3.jpg\",\"link\":\"es\\\/colecciones\\\/#WALLCOVERING\",\"meta\":\"\",\"title\":\"Papel pintado\"}},{\"type\":\"grid_item\",\"props\":{\"image\":\"wp-content\\\/uploads\\\/2024\\\/05\\\/rizzoli-curated-houses-muebles-1160-x-960-pixeles.jpg\",\"link\":\"es\\\/colecciones\\\/#FURNITURES\",\"title\":\"Muebles<br\\\/><br\\\/>\"}},{\"type\":\"grid_item\",\"props\":{\"image\":\"wp-content\\\/uploads\\\/2022\\\/10\\\/L1009753-1.jpg-SHOWROOM-espejo-1.jpg\",\"link\":\"es\\\/colecciones\\\/#ACCESSORIES\",\"title\":\"Accesorios<br\\\/><br\\\/>\"}}],\"name\":\"visible PC\"},{\"type\":\"grid\",\"props\":{\"block_align\":\"center\",\"class\":\"uk-hidden@s\",\"content_column_breakpoint\":\"m\",\"filter_align\":\"left\",\"filter_all\":true,\"filter_grid_breakpoint\":\"m\",\"filter_grid_width\":\"auto\",\"filter_position\":\"top\",\"filter_style\":\"tab\",\"grid_column_align\":true,\"grid_column_gap\":\"medium\",\"grid_default\":\"2\",\"grid_large\":\"4\",\"grid_medium\":\"2\",\"grid_row_align\":true,\"grid_row_gap\":\"medium\",\"grid_small\":\"4\",\"icon_width\":80,\"image_align\":\"top\",\"image_grid_breakpoint\":\"m\",\"image_grid_width\":\"1-2\",\"image_height\":\"200\",\"image_loading\":true,\"image_svg_animate\":false,\"image_svg_color\":\"primary\",\"image_svg_inline\":true,\"image_width\":\"200\",\"item_animation\":true,\"link_style\":\"default\",\"link_text\":\"\",\"margin\":\"medium\",\"maxwidth\":\"xlarge\",\"meta_align\":\"below-title\",\"meta_element\":\"div\",\"meta_style\":\"text-meta\",\"panel_image_no_padding\":true,\"panel_link\":true,\"parallax_easing\":\"1\",\"show_content\":true,\"show_image\":true,\"show_link\":true,\"show_meta\":true,\"show_title\":true,\"text_align\":\"center\",\"title_align\":\"top\",\"title_element\":\"h4\",\"title_grid_breakpoint\":\"m\",\"title_grid_width\":\"1-2\",\"title_hover_style\":\"reset\",\"title_margin\":\"small\",\"title_style\":\"h6\"},\"children\":[{\"type\":\"grid_item\",\"props\":{\"image\":\"wp-content\\\/uploads\\\/2024\\\/05\\\/greco-fabrics-colecciones-NSamay.jpg\",\"link\":\"es\\\/colecciones\\\/#FABRICS\",\"title\":\"Telas<br\\\/ class=\\\"uk-visible@m\\\">\"}},{\"type\":\"grid_item\",\"props\":{\"image\":\"wp-content\\\/uploads\\\/2024\\\/05\\\/greco-fabrics-colecciones-papeles-3.jpg\",\"link\":\"es\\\/colecciones\\\/#WALLCOVERING\",\"meta\":\"\",\"title\":\"Papel\"}},{\"type\":\"grid_item\",\"props\":{\"image\":\"wp-content\\\/uploads\\\/2024\\\/05\\\/rizzoli-curated-houses-muebles-7-1160-x-960-pixeles.jpg\",\"link\":\"es\\\/colecciones\\\/#FURNITURES\",\"title\":\"Muebles<br\\\/><br\\\/>\"}},{\"type\":\"grid_item\",\"props\":{\"image\":\"wp-content\\\/uploads\\\/2022\\\/10\\\/L1009753-1.jpg-SHOWROOM-espejo-1.jpg\",\"link\":\"es\\\/colecciones\\\/#ACCESSORIES\",\"title\":\"Accesorios<br\\\/><br\\\/>\"}}],\"name\":\"visible MOBILE\"}]}]}],\"name\":\"Collectons\"},{\"type\":\"section\",\"props\":{\"image_effect\":\"parallax\",\"image_parallax_bgy\":\"7vh,-15vh\",\"image_parallax_breakpoint\":\"m\",\"image_parallax_easing\":\"1\",\"image_position\":\"top-center\",\"media_visibility\":\"m\",\"padding\":\"xsmall\",\"padding_remove_bottom\":false,\"padding_remove_top\":false,\"style\":\"default\",\"title_breakpoint\":\"xl\",\"title_position\":\"top-left\",\"title_rotation\":\"left\",\"vertical_align\":\"\",\"width\":\"default\"},\"children\":[{\"type\":\"row\",\"children\":[{\"type\":\"column\",\"props\":{\"image_position\":\"center-center\",\"position_sticky_breakpoint\":\"m\",\"width_medium\":\"1-1\"},\"children\":[{\"type\":\"headline\",\"props\":{\"content\":\"DISE\\u00d1ADORES GRECO SHOWROOM\",\"margin\":\"small\",\"text_align\":\"center\",\"title_decoration\":\"line\",\"title_element\":\"div\",\"title_font_family\":\"tertiary\",\"title_style\":\"h2\"}},{\"type\":\"text\",\"props\":{\"block_align\":\"center\",\"column_breakpoint\":\"m\",\"content\":\"\n\n<p>\\\"Todo el mundo deber\\u00eda vivir con las cosas que le gustan: muebles, telas y accesorios fabricados por los mejores artesanos del mundo\\\".<\\\/p>\",\"margin\":\"default\",\"maxwidth\":\"2xlarge\",\"text_align\":\"center\",\"text_style\":\"meta\"}},{\"name\":\"Overlay Slider Item Width Auto\",\"type\":\"overlay-slider\",\"children\":[{\"type\":\"overlay-slider_item\",\"props\":{\"link\":\"vendors\\\/\"},\"source\":{\"query\":{\"name\":\"vendorss.customVendorss\",\"arguments\":{\"users\":[],\"users_operator\":\"IN\",\"offset\":0,\"limit\":1000,\"order\":\"date\",\"order_direction\":\"DESC\"}},\"props\":{\"image\":{\"filters\":{\"search\":\"\"},\"name\":\"featuredImage.url\"},\"title\":{\"filters\":{\"search\":\"\"},\"name\":\"featuredImage.alt\"}}}}],\"props\":{\"id\":\"overlay-slider-item-width-auto\",\"image_width\":\"450\",\"link_style\":\"default\",\"link_text\":\"\",\"margin\":\"default\",\"margin_remove_bottom\":true,\"meta_align\":\"below-title\",\"meta_element\":\"div\",\"meta_style\":\"text-meta\",\"nav\":\"\",\"nav_align\":\"center\",\"nav_breakpoint\":\"s\",\"overlay_hover\":false,\"overlay_link\":true,\"overlay_mode\":\"cover\",\"overlay_position\":\"center\",\"overlay_transition\":\"fade\",\"show_content\":false,\"show_hover_image\":true,\"show_hover_video\":true,\"show_link\":true,\"show_meta\":false,\"show_title\":false,\"slidenav\":\"\",\"slidenav_breakpoint\":\"s\",\"slidenav_color\":\"light\",\"slidenav_hover\":false,\"slidenav_large\":false,\"slidenav_margin\":\"medium\",\"slidenav_outside_breakpoint\":\"xl\",\"slider_autoplay\":true,\"slider_autoplay_pause\":true,\"slider_gap\":\"small\",\"slider_width\":\"fixed\",\"slider_width_default\":\"1-3\",\"slider_width_medium\":\"1-6\",\"slider_width_small\":\"1-4\",\"text_align\":\"center\",\"title_element\":\"h3\",\"title_hover_style\":\"reset\"}},{\"name\":\"BOTON DESKTOP\",\"type\":\"button\",\"children\":[{\"type\":\"button_item\",\"props\":{\"button_style\":\"default\",\"content\":\"VER M\\u00c1S\",\"icon_align\":\"left\",\"link\":\"\\\/es\\\/disenadores\\\/\"}}],\"props\":{\"button_size\":\"large\",\"grid_column_gap\":\"small\",\"grid_row_gap\":\"small\",\"id\":\"button-style-default\",\"margin\":\"small\",\"margin_remove_top\":false,\"text_align\":\"center\",\"visibility\":\"s\"}},{\"name\":\"BOTON MOBILE\",\"type\":\"button\",\"children\":[{\"type\":\"button_item\",\"props\":{\"button_style\":\"default\",\"content\":\"VER M\\u00c1S\",\"icon_align\":\"left\",\"link\":\"es\\\/disenadores\\\/\"}}],\"props\":{\"button_size\":\"small\",\"grid_column_gap\":\"small\",\"grid_row_gap\":\"small\",\"id\":\"button-style-default\",\"margin\":\"small\",\"margin_remove_top\":false,\"text_align\":\"center\",\"visibility\":\"hidden-s\"}}]}]}],\"name\":\"vendors v2\"}],\"version\":\"4.4.16\"} --><\/p>\n","protected":false},"excerpt":{"rendered":"<p>Showroom de Greco Madrid Showroom de Greco Madrid Michael S Smith El sue\u00f1o de Michael era abrir su propio showroom en Europa y tuvo claro que ten\u00eda que ser en Madrid. Ello le permitir\u00eda no solo cumplir su sue\u00f1o, sino tambi\u00e9n mantener los lazos con Espa\u00f1a. A finales del 2018 abri\u00f3 un \u201ccorner\u201d en uno [&hellip;]<\/p>\n","protected":false},"author":1,"featured_media":0,"parent":0,"menu_order":0,"comment_status":"closed","ping_status":"closed","template":"","meta":{"_acf_changed":false,"footnotes":""},"class_list":["post-4389","page","type-page","status-publish","hentry"],"acf":[],"yoast_head":"<!-- This site is optimized with the Yoast SEO plugin v26.9 - https:\/\/yoast.com\/product\/yoast-seo-wordpress\/ -->\n<title>Showroom - Greco Fabrics Showroom | Michael S Smith<\/title>\n<meta name=\"robots\" content=\"index, follow, max-snippet:-1, max-image-preview:large, max-video-preview:-1\" \/>\n<link rel=\"canonical\" href=\"https:\/\/grecofabrics.com\/es\/showroom\/\" \/>\n<meta property=\"og:locale\" content=\"es_ES\" \/>\n<meta property=\"og:type\" content=\"article\" \/>\n<meta property=\"og:title\" content=\"Showroom - Greco Fabrics Showroom | Michael S Smith\" \/>\n<meta property=\"og:description\" content=\"Showroom de Greco Madrid Showroom de Greco Madrid Michael S Smith El sue\u00f1o de Michael era abrir su propio showroom en Europa y tuvo claro que ten\u00eda que ser en Madrid. Ello le permitir\u00eda no solo cumplir su sue\u00f1o, sino tambi\u00e9n mantener los lazos con Espa\u00f1a. A finales del 2018 abri\u00f3 un \u201ccorner\u201d en uno [&hellip;]\" \/>\n<meta property=\"og:url\" content=\"https:\/\/grecofabrics.com\/es\/showroom\/\" \/>\n<meta property=\"og:site_name\" content=\"Greco Fabrics Showroom | Michael S Smith\" \/>\n<meta property=\"article:publisher\" content=\"https:\/\/www.facebook.com\/michaelsmithjasper\" \/>\n<meta property=\"article:modified_time\" content=\"2025-02-19T10:26:11+00:00\" \/>\n<meta property=\"og:image\" content=\"https:\/\/grecofabrics.com\/wp-content\/uploads\/2022\/10\/GRECO-min.png\" \/>\n\t<meta property=\"og:image:width\" content=\"400\" \/>\n\t<meta property=\"og:image:height\" content=\"400\" \/>\n\t<meta property=\"og:image:type\" content=\"image\/png\" \/>\n<meta name=\"twitter:card\" content=\"summary_large_image\" \/>\n<meta name=\"twitter:label1\" content=\"Tiempo de lectura\" \/>\n\t<meta name=\"twitter:data1\" content=\"3 minutos\" \/>\n<script type=\"application\/ld+json\" class=\"yoast-schema-graph\">{\"@context\":\"https:\/\/schema.org\",\"@graph\":[{\"@type\":\"WebPage\",\"@id\":\"https:\/\/grecofabrics.com\/es\/showroom\/\",\"url\":\"https:\/\/grecofabrics.com\/es\/showroom\/\",\"name\":\"Showroom - Greco Fabrics Showroom | Michael S Smith\",\"isPartOf\":{\"@id\":\"https:\/\/grecofabrics.com\/es\/#website\"},\"datePublished\":\"2022-10-13T12:33:16+00:00\",\"dateModified\":\"2025-02-19T10:26:11+00:00\",\"breadcrumb\":{\"@id\":\"https:\/\/grecofabrics.com\/es\/showroom\/#breadcrumb\"},\"inLanguage\":\"es\",\"potentialAction\":[{\"@type\":\"ReadAction\",\"target\":[\"https:\/\/grecofabrics.com\/es\/showroom\/\"]}]},{\"@type\":\"BreadcrumbList\",\"@id\":\"https:\/\/grecofabrics.com\/es\/showroom\/#breadcrumb\",\"itemListElement\":[{\"@type\":\"ListItem\",\"position\":1,\"name\":\"Home\",\"item\":\"https:\/\/grecofabrics.com\/es\/\"},{\"@type\":\"ListItem\",\"position\":2,\"name\":\"Showroom\"}]},{\"@type\":\"WebSite\",\"@id\":\"https:\/\/grecofabrics.com\/es\/#website\",\"url\":\"https:\/\/grecofabrics.com\/es\/\",\"name\":\"Greco Fabrics Showroom | Michael S Smith\",\"description\":\"Fine furniture and fabrics\",\"publisher\":{\"@id\":\"https:\/\/grecofabrics.com\/es\/#organization\"},\"potentialAction\":[{\"@type\":\"SearchAction\",\"target\":{\"@type\":\"EntryPoint\",\"urlTemplate\":\"https:\/\/grecofabrics.com\/es\/?s={search_term_string}\"},\"query-input\":{\"@type\":\"PropertyValueSpecification\",\"valueRequired\":true,\"valueName\":\"search_term_string\"}}],\"inLanguage\":\"es\"},{\"@type\":\"Organization\",\"@id\":\"https:\/\/grecofabrics.com\/es\/#organization\",\"name\":\"Grecofabrics | Micheal S Smith\",\"alternateName\":\"Grecofabrics | Micheal S Smith\",\"url\":\"https:\/\/grecofabrics.com\/es\/\",\"logo\":{\"@type\":\"ImageObject\",\"inLanguage\":\"es\",\"@id\":\"https:\/\/grecofabrics.com\/es\/#\/schema\/logo\/image\/\",\"url\":\"https:\/\/grecofabrics.com\/wp-content\/uploads\/2022\/10\/GRECO-min.png\",\"contentUrl\":\"https:\/\/grecofabrics.com\/wp-content\/uploads\/2022\/10\/GRECO-min.png\",\"width\":400,\"height\":400,\"caption\":\"Grecofabrics | Micheal S Smith\"},\"image\":{\"@id\":\"https:\/\/grecofabrics.com\/es\/#\/schema\/logo\/image\/\"},\"sameAs\":[\"https:\/\/www.facebook.com\/michaelsmithjasper\",\"http:\/\/instagram.com\/jaspershowroom\"]}]}<\/script>\n<!-- \/ Yoast SEO plugin. -->","yoast_head_json":{"title":"Showroom - Greco Fabrics Showroom | Michael S Smith","robots":{"index":"index","follow":"follow","max-snippet":"max-snippet:-1","max-image-preview":"max-image-preview:large","max-video-preview":"max-video-preview:-1"},"canonical":"https:\/\/grecofabrics.com\/es\/showroom\/","og_locale":"es_ES","og_type":"article","og_title":"Showroom - Greco Fabrics Showroom | Michael S Smith","og_description":"Showroom de Greco Madrid Showroom de Greco Madrid Michael S Smith El sue\u00f1o de Michael era abrir su propio showroom en Europa y tuvo claro que ten\u00eda que ser en Madrid. Ello le permitir\u00eda no solo cumplir su sue\u00f1o, sino tambi\u00e9n mantener los lazos con Espa\u00f1a. A finales del 2018 abri\u00f3 un \u201ccorner\u201d en uno [&hellip;]","og_url":"https:\/\/grecofabrics.com\/es\/showroom\/","og_site_name":"Greco Fabrics Showroom | Michael S Smith","article_publisher":"https:\/\/www.facebook.com\/michaelsmithjasper","article_modified_time":"2025-02-19T10:26:11+00:00","og_image":[{"width":400,"height":400,"url":"https:\/\/grecofabrics.com\/wp-content\/uploads\/2022\/10\/GRECO-min.png","type":"image\/png"}],"twitter_card":"summary_large_image","twitter_misc":{"Tiempo de lectura":"3 minutos"},"schema":{"@context":"https:\/\/schema.org","@graph":[{"@type":"WebPage","@id":"https:\/\/grecofabrics.com\/es\/showroom\/","url":"https:\/\/grecofabrics.com\/es\/showroom\/","name":"Showroom - Greco Fabrics Showroom | Michael S Smith","isPartOf":{"@id":"https:\/\/grecofabrics.com\/es\/#website"},"datePublished":"2022-10-13T12:33:16+00:00","dateModified":"2025-02-19T10:26:11+00:00","breadcrumb":{"@id":"https:\/\/grecofabrics.com\/es\/showroom\/#breadcrumb"},"inLanguage":"es","potentialAction":[{"@type":"ReadAction","target":["https:\/\/grecofabrics.com\/es\/showroom\/"]}]},{"@type":"BreadcrumbList","@id":"https:\/\/grecofabrics.com\/es\/showroom\/#breadcrumb","itemListElement":[{"@type":"ListItem","position":1,"name":"Home","item":"https:\/\/grecofabrics.com\/es\/"},{"@type":"ListItem","position":2,"name":"Showroom"}]},{"@type":"WebSite","@id":"https:\/\/grecofabrics.com\/es\/#website","url":"https:\/\/grecofabrics.com\/es\/","name":"Greco Fabrics Showroom | Michael S Smith","description":"Fine furniture and fabrics","publisher":{"@id":"https:\/\/grecofabrics.com\/es\/#organization"},"potentialAction":[{"@type":"SearchAction","target":{"@type":"EntryPoint","urlTemplate":"https:\/\/grecofabrics.com\/es\/?s={search_term_string}"},"query-input":{"@type":"PropertyValueSpecification","valueRequired":true,"valueName":"search_term_string"}}],"inLanguage":"es"},{"@type":"Organization","@id":"https:\/\/grecofabrics.com\/es\/#organization","name":"Grecofabrics | Micheal S Smith","alternateName":"Grecofabrics | Micheal S Smith","url":"https:\/\/grecofabrics.com\/es\/","logo":{"@type":"ImageObject","inLanguage":"es","@id":"https:\/\/grecofabrics.com\/es\/#\/schema\/logo\/image\/","url":"https:\/\/grecofabrics.com\/wp-content\/uploads\/2022\/10\/GRECO-min.png","contentUrl":"https:\/\/grecofabrics.com\/wp-content\/uploads\/2022\/10\/GRECO-min.png","width":400,"height":400,"caption":"Grecofabrics | Micheal S Smith"},"image":{"@id":"https:\/\/grecofabrics.com\/es\/#\/schema\/logo\/image\/"},"sameAs":["https:\/\/www.facebook.com\/michaelsmithjasper","http:\/\/instagram.com\/jaspershowroom"]}]}},"_links":{"self":[{"href":"https:\/\/grecofabrics.com\/es\/wp-json\/wp\/v2\/pages\/4389","targetHints":{"allow":["GET"]}}],"collection":[{"href":"https:\/\/grecofabrics.com\/es\/wp-json\/wp\/v2\/pages"}],"about":[{"href":"https:\/\/grecofabrics.com\/es\/wp-json\/wp\/v2\/types\/page"}],"author":[{"embeddable":true,"href":"https:\/\/grecofabrics.com\/es\/wp-json\/wp\/v2\/users\/1"}],"replies":[{"embeddable":true,"href":"https:\/\/grecofabrics.com\/es\/wp-json\/wp\/v2\/comments?post=4389"}],"version-history":[{"count":80,"href":"https:\/\/grecofabrics.com\/es\/wp-json\/wp\/v2\/pages\/4389\/revisions"}],"predecessor-version":[{"id":6776,"href":"https:\/\/grecofabrics.com\/es\/wp-json\/wp\/v2\/pages\/4389\/revisions\/6776"}],"wp:attachment":[{"href":"https:\/\/grecofabrics.com\/es\/wp-json\/wp\/v2\/media?parent=4389"}],"curies":[{"name":"wp","href":"https:\/\/api.w.org\/{rel}","templated":true}]}}